{"id":280,"date":"2020-11-18T18:15:05","date_gmt":"2020-11-18T18:15:05","guid":{"rendered":"http:\/\/poste20.web-ecole.fr\/?page_id=280"},"modified":"2021-01-11T15:36:33","modified_gmt":"2021-01-11T14:36:33","slug":"gueoul-diaspora-gueoul","status":"publish","type":"page","link":"https:\/\/gueouldiaspora.org\/","title":{"rendered":"BIENVENUE"},"content":{"rendered":"\n<figure class=\"wp-block-image size-large is-resized\"><img loading=\"lazy\" decoding=\"async\" src=\"https:\/\/gueouldiaspora.org\/wp-content\/uploads\/2020\/12\/gueoul_gouy-2.jpg\" alt=\"Gueoul Diaspora\" class=\"wp-image-335\" width=\"611\" height=\"602\" srcset=\"https:\/\/gueouldiaspora.org\/wp-content\/uploads\/2020\/12\/gueoul_gouy-2.jpg 814w, https:\/\/gueouldiaspora.org\/wp-content\/uploads\/2020\/12\/gueoul_gouy-2-300x296.jpg 300w, https:\/\/gueouldiaspora.org\/wp-content\/uploads\/2020\/12\/gueoul_gouy-2-768x758.jpg 768w\" sizes=\"auto, (max-width: 611px) 100vw, 611px\" \/><\/figure>\n\n\n\n<p>Nous Gu\u00e9oulois de la Diaspora,&nbsp;<\/p>\n\n\n\n<ul class=\"wp-block-list\"><li>Partant de r\u00e9flexions du comit\u00e9 d&rsquo;organisation,<\/li><li>Conscients de l\u2019importance de nous unir pour mieux agir en dehors de <a href=\"https:\/\/fr.wikipedia.org\/wiki\/Gu%C3%A9oul\">Gu\u00e9oul <\/a>et \u00e0 Gu\u00e9oul,<\/li><li>Soucieux de voir les Gu\u00e9oulois et les Gu\u00e9ouloises du monde d\u2019unir ensemble leurs efforts dans l&rsquo;optique de contribuer \u00e0 relever des grands d\u00e9fis auxquels la ville de Gu\u00e9oul fait face,<\/li><li>Soucieux de nous solidariser avec d&rsquo;autres partenaires sensibles au d\u00e9veloppement du Gu\u00e9oul<\/li><li>Consid\u00e9rant la n\u00e9cessit\u00e9 d&rsquo;\u0153uvrer au sein d&rsquo;un r\u00e9seau international&nbsp; pour la Diaspora Gu\u00e9ouloise<\/li><li>Consid\u00e9rant la n\u00e9cessit\u00e9 de nous organiser en une f\u00e9d\u00e9ration afin&nbsp; d&rsquo;\u0153uvrer efficacement au d\u00e9veloppement de notre ville d&rsquo;origine : Gu\u00e9oul<\/li><\/ul>\n\n\n\n<p>Adoptons les statuts r\u00e9gissant la f\u00e9d\u00e9ration ci-dessous&nbsp; d\u00e9nomm\u00e9e : <strong><span class=\"tadv-color\" style=\"color:#045a8b\">GUEOUL DIASPORA<\/span><\/strong><\/p>\n\n\n\n<figure class=\"wp-block-image size-large is-resized\"><img loading=\"lazy\" decoding=\"async\" src=\"https:\/\/gueouldiaspora.org\/wp-content\/uploads\/2020\/12\/gueoul_logo-2-1024x960.jpg\" alt=\"Gueoul Diaspora\" class=\"wp-image-327\" width=\"768\" height=\"720\" srcset=\"https:\/\/gueouldiaspora.org\/wp-content\/uploads\/2020\/12\/gueoul_logo-2-1024x960.jpg 1024w, https:\/\/gueouldiaspora.org\/wp-content\/uploads\/2020\/12\/gueoul_logo-2-300x281.jpg 300w, https:\/\/gueouldiaspora.org\/wp-content\/uploads\/2020\/12\/gueoul_logo-2-768x720.jpg 768w, https:\/\/gueouldiaspora.org\/wp-content\/uploads\/2020\/12\/gueoul_logo-2.jpg 1080w\" sizes=\"auto, (max-width: 768px) 100vw, 768px\" \/><\/figure>\n\n\n\n<p><strong>NOS OBJECTIFS<\/strong><\/p>\n\n\n\n<p>La <a rel=\"noreferrer noopener\" href=\"https:\/\/gueouldiaspora.org\/gestion-associative\/\" target=\"_blank\">f\u00e9d\u00e9ration <strong>GUEOUL DIASPORA<\/strong><\/a> en abr\u00e9g\u00e9e G.D ambitionne de f\u00e9d\u00e9rer en une seule entit\u00e9 toutes les associations ou regroupement des ressortissants des gu\u00e9oulois.<\/p>\n\n\n\n<p>Elle a pour objectifs notamment de :\u00a0<\/p>\n\n\n\n<ul class=\"wp-block-list\"><li>permettre aux Gu\u00e9oulois (ses) de la diaspora de mieux se conna\u00eetre<\/li><li>assurer le bien \u00eatre des Gu\u00e9oulois (ses) de la diaspora<\/li><li>promouvoir l\u2019entraide et le d\u00e9veloppement des Gu\u00e9oulois (ses)&nbsp;<\/li><li>mettre en commun les moyens en vue de mieux participer \u00e0 construire Gu\u00e9oul<\/li><li>mener \u00e0 bien des actions assurant le d\u00e9veloppement \u00e9conomique, social et culturel de Gu\u00e9oul&nbsp;<\/li><li>promouvoir le dialogue de cultures&nbsp;<\/li><li>apporter un cadre de dialogue associatif de la diaspora gu\u00e9ouloise&nbsp; pour sa commune et pour elle-m\u00eame&nbsp;&nbsp;<\/li><\/ul>\n\n\n\n<p><strong>Des objectifs sp\u00e9cifiques&nbsp;<\/strong><\/p>\n\n\n\n<p>La f\u00e9d\u00e9ration GUEOUL DIASPORA a pour objectif sup\u00e9rieur d\u2019assurer le&nbsp; bien-\u00eatre de chaque GUEOULOIS l\u00e0 o\u00f9 il (elle) vit et de promouvoir le&nbsp; d\u00e9veloppement harmonieux de GUEOUL.<\/p>\n\n\n\n<h5 class=\"wp-block-heading\">Pour assurer le bien-\u00eatre de chaque GUEOULOIS, <strong>GUEOUL DIASPORA<\/strong> se propose de :&nbsp;<\/h5>\n\n\n\n<ul class=\"wp-block-list\"><li>mettre en place un cadre de concertation pour tous les GUEOULOIS&nbsp; qui le d\u00e9sirent afin d\u2019assurer l\u2019entraide communautaire dans leur&nbsp; pays d\u2019accueil<\/li><li>aider \u00e0 faire la promotion des r\u00e9alisations, d\u00e9couvertes,&nbsp; cr\u00e9ations des Gu\u00e9oulois<\/li><li>venir en aide, \u00e0 la limite du possible, les membres de&nbsp; Diaspora Gueoul en difficult\u00e9s av\u00e9r\u00e9es (maladies graves, accident,&nbsp; prison etc)<\/li><li>enseigner notre histoire et nos traditions<\/li><li>renforcer la s\u00e9curit\u00e9 sociale de chaque GUEOULOIS (SE)<\/li><li>promouvoir les projets d\u2019investissement commun<\/li><\/ul>\n\n\n\n<h5 class=\"wp-block-heading\">Pour assurer le d\u00e9veloppement harmonieux de GUEOUL, <strong>GUEOUL DIASPORA<\/strong> se propose de :&nbsp;<\/h5>\n\n\n\n<ul class=\"wp-block-list\"><li>concevoir et r\u00e9aliser des projets de d\u00e9veloppement \u00e0 GUEOUL\u00a0<\/li><li>aider \u00e0 conserver notre patrimoine culturel<\/li><li>organiser ou soutenir des Campagnes m\u00e9dicales<\/li><li>accompagner les services de sant\u00e9,<\/li><li>soutenir le secteur \u00e9ducatif,<\/li><li>soutenir la commune pour le d\u00e9veloppement urbain et\u00a0 l\u2019am\u00e9lioration du cadre de vie ,<\/li><\/ul>\n\n\n\n<p><\/p>\n","protected":false},"excerpt":{"rendered":"<p>Nous Gu\u00e9oulois de la Diaspora,&nbsp; Partant de r\u00e9flexions du comit\u00e9 d&rsquo;organisation, Conscients de l\u2019importance de nous unir pour mieux agir en dehors de Gu\u00e9oul et \u00e0 Gu\u00e9oul, Soucieux de voir [&hellip;]<\/p>\n","protected":false},"author":2,"featured_media":0,"parent":0,"menu_order":0,"comment_status":"closed","ping_status":"closed","template":"","meta":{"footnotes":""},"class_list":["post-280","page","type-page","status-publish","hentry"],"yoast_head":"<!-- This site is optimized with the Yoast SEO plugin v24.9 - https:\/\/yoast.com\/wordpress\/plugins\/seo\/ -->\n<title>F\u00e9d\u00e9ration F\u00e9d\u00e9ration Gu\u00e9oul Diaspora - BIENVENUE<\/title>\n<meta name=\"description\" content=\"la F\u00e9d\u00e9ration GUEOUL DIASPORA ambitionne de f\u00e9d\u00e9rer en une seule entit\u00e9 toutes les associations ou regroupement des ressortissants gu\u00e9oulois\" \/>\n<meta name=\"robots\" content=\"index, follow, max-snippet:-1, max-image-preview:large, max-video-preview:-1\" \/>\n<link rel=\"canonical\" href=\"https:\/\/gueouldiaspora.org\/\" \/>\n<meta property=\"og:locale\" content=\"fr_FR\" \/>\n<meta property=\"og:type\" content=\"article\" \/>\n<meta property=\"og:title\" content=\"F\u00e9d\u00e9ration F\u00e9d\u00e9ration Gu\u00e9oul Diaspora - BIENVENUE\" \/>\n<meta property=\"og:description\" content=\"la F\u00e9d\u00e9ration GUEOUL DIASPORA ambitionne de f\u00e9d\u00e9rer en une seule entit\u00e9 toutes les associations ou regroupement des ressortissants gu\u00e9oulois\" \/>\n<meta property=\"og:url\" content=\"https:\/\/gueouldiaspora.org\/\" \/>\n<meta property=\"og:site_name\" content=\"F\u00e9d\u00e9ration Gu\u00e9oul Diaspora\" \/>\n<meta property=\"article:modified_time\" content=\"2021-01-11T14:36:33+00:00\" \/>\n<meta property=\"og:image\" content=\"https:\/\/gueouldiaspora.org\/wp-content\/uploads\/2020\/12\/gueoul_gouy-2.jpg\" \/>\n<meta name=\"twitter:label1\" content=\"Dur\u00e9e de lecture estim\u00e9e\" \/>\n\t<meta name=\"twitter:data1\" content=\"2 minutes\" \/>\n<script type=\"application\/ld+json\" class=\"yoast-schema-graph\">{\"@context\":\"https:\/\/schema.org\",\"@graph\":[{\"@type\":\"WebPage\",\"@id\":\"https:\/\/gueouldiaspora.org\/\",\"url\":\"https:\/\/gueouldiaspora.org\/\",\"name\":\"F\u00e9d\u00e9ration F\u00e9d\u00e9ration Gu\u00e9oul Diaspora - BIENVENUE\",\"isPartOf\":{\"@id\":\"https:\/\/gueouldiaspora.org\/#website\"},\"primaryImageOfPage\":{\"@id\":\"https:\/\/gueouldiaspora.org\/#primaryimage\"},\"image\":{\"@id\":\"https:\/\/gueouldiaspora.org\/#primaryimage\"},\"thumbnailUrl\":\"https:\/\/gueouldiaspora.org\/wp-content\/uploads\/2020\/12\/gueoul_gouy-2.jpg\",\"datePublished\":\"2020-11-18T18:15:05+00:00\",\"dateModified\":\"2021-01-11T14:36:33+00:00\",\"description\":\"la F\u00e9d\u00e9ration GUEOUL DIASPORA ambitionne de f\u00e9d\u00e9rer en une seule entit\u00e9 toutes les associations ou regroupement des ressortissants gu\u00e9oulois\",\"inLanguage\":\"fr-FR\",\"potentialAction\":[{\"@type\":\"ReadAction\",\"target\":[\"https:\/\/gueouldiaspora.org\/\"]}]},{\"@type\":\"ImageObject\",\"inLanguage\":\"fr-FR\",\"@id\":\"https:\/\/gueouldiaspora.org\/#primaryimage\",\"url\":\"https:\/\/gueouldiaspora.org\/wp-content\/uploads\/2020\/12\/gueoul_gouy-2.jpg\",\"contentUrl\":\"https:\/\/gueouldiaspora.org\/wp-content\/uploads\/2020\/12\/gueoul_gouy-2.jpg\",\"width\":814,\"height\":803},{\"@type\":\"WebSite\",\"@id\":\"https:\/\/gueouldiaspora.org\/#website\",\"url\":\"https:\/\/gueouldiaspora.org\/\",\"name\":\"F\u00e9d\u00e9ration Gu\u00e9oul Diaspora\",\"description\":\"S&#039;unir pour mieux Servir\",\"potentialAction\":[{\"@type\":\"SearchAction\",\"target\":{\"@type\":\"EntryPoint\",\"urlTemplate\":\"https:\/\/gueouldiaspora.org\/?s={search_term_string}\"},\"query-input\":{\"@type\":\"PropertyValueSpecification\",\"valueRequired\":true,\"valueName\":\"search_term_string\"}}],\"inLanguage\":\"fr-FR\"}]}<\/script>\n<!-- \/ Yoast SEO plugin. -->","yoast_head_json":{"title":"F\u00e9d\u00e9ration F\u00e9d\u00e9ration Gu\u00e9oul Diaspora - BIENVENUE","description":"la F\u00e9d\u00e9ration GUEOUL DIASPORA ambitionne de f\u00e9d\u00e9rer en une seule entit\u00e9 toutes les associations ou regroupement des ressortissants gu\u00e9oulois","robots":{"index":"index","follow":"follow","max-snippet":"max-snippet:-1","max-image-preview":"max-image-preview:large","max-video-preview":"max-video-preview:-1"},"canonical":"https:\/\/gueouldiaspora.org\/","og_locale":"fr_FR","og_type":"article","og_title":"F\u00e9d\u00e9ration F\u00e9d\u00e9ration Gu\u00e9oul Diaspora - BIENVENUE","og_description":"la F\u00e9d\u00e9ration GUEOUL DIASPORA ambitionne de f\u00e9d\u00e9rer en une seule entit\u00e9 toutes les associations ou regroupement des ressortissants gu\u00e9oulois","og_url":"https:\/\/gueouldiaspora.org\/","og_site_name":"F\u00e9d\u00e9ration Gu\u00e9oul Diaspora","article_modified_time":"2021-01-11T14:36:33+00:00","og_image":[{"url":"https:\/\/gueouldiaspora.org\/wp-content\/uploads\/2020\/12\/gueoul_gouy-2.jpg","type":"","width":"","height":""}],"twitter_misc":{"Dur\u00e9e de lecture estim\u00e9e":"2 minutes"},"schema":{"@context":"https:\/\/schema.org","@graph":[{"@type":"WebPage","@id":"https:\/\/gueouldiaspora.org\/","url":"https:\/\/gueouldiaspora.org\/","name":"F\u00e9d\u00e9ration F\u00e9d\u00e9ration Gu\u00e9oul Diaspora - BIENVENUE","isPartOf":{"@id":"https:\/\/gueouldiaspora.org\/#website"},"primaryImageOfPage":{"@id":"https:\/\/gueouldiaspora.org\/#primaryimage"},"image":{"@id":"https:\/\/gueouldiaspora.org\/#primaryimage"},"thumbnailUrl":"https:\/\/gueouldiaspora.org\/wp-content\/uploads\/2020\/12\/gueoul_gouy-2.jpg","datePublished":"2020-11-18T18:15:05+00:00","dateModified":"2021-01-11T14:36:33+00:00","description":"la F\u00e9d\u00e9ration GUEOUL DIASPORA ambitionne de f\u00e9d\u00e9rer en une seule entit\u00e9 toutes les associations ou regroupement des ressortissants gu\u00e9oulois","inLanguage":"fr-FR","potentialAction":[{"@type":"ReadAction","target":["https:\/\/gueouldiaspora.org\/"]}]},{"@type":"ImageObject","inLanguage":"fr-FR","@id":"https:\/\/gueouldiaspora.org\/#primaryimage","url":"https:\/\/gueouldiaspora.org\/wp-content\/uploads\/2020\/12\/gueoul_gouy-2.jpg","contentUrl":"https:\/\/gueouldiaspora.org\/wp-content\/uploads\/2020\/12\/gueoul_gouy-2.jpg","width":814,"height":803},{"@type":"WebSite","@id":"https:\/\/gueouldiaspora.org\/#website","url":"https:\/\/gueouldiaspora.org\/","name":"F\u00e9d\u00e9ration Gu\u00e9oul Diaspora","description":"S&#039;unir pour mieux Servir","potentialAction":[{"@type":"SearchAction","target":{"@type":"EntryPoint","urlTemplate":"https:\/\/gueouldiaspora.org\/?s={search_term_string}"},"query-input":{"@type":"PropertyValueSpecification","valueRequired":true,"valueName":"search_term_string"}}],"inLanguage":"fr-FR"}]}},"_links":{"self":[{"href":"https:\/\/gueouldiaspora.org\/index.php?rest_route=\/wp\/v2\/pages\/280","targetHints":{"allow":["GET"]}}],"collection":[{"href":"https:\/\/gueouldiaspora.org\/index.php?rest_route=\/wp\/v2\/pages"}],"about":[{"href":"https:\/\/gueouldiaspora.org\/index.php?rest_route=\/wp\/v2\/types\/page"}],"author":[{"embeddable":true,"href":"https:\/\/gueouldiaspora.org\/index.php?rest_route=\/wp\/v2\/users\/2"}],"replies":[{"embeddable":true,"href":"https:\/\/gueouldiaspora.org\/index.php?rest_route=%2Fwp%2Fv2%2Fcomments&post=280"}],"version-history":[{"count":5,"href":"https:\/\/gueouldiaspora.org\/index.php?rest_route=\/wp\/v2\/pages\/280\/revisions"}],"predecessor-version":[{"id":466,"href":"https:\/\/gueouldiaspora.org\/index.php?rest_route=\/wp\/v2\/pages\/280\/revisions\/466"}],"wp:attachment":[{"href":"https:\/\/gueouldiaspora.org\/index.php?rest_route=%2Fwp%2Fv2%2Fmedia&parent=280"}],"curies":[{"name":"wp","href":"https:\/\/api.w.org\/{rel}","templated":true}]}}